{"id":11554,"date":"2026-08-13T19:49:32","date_gmt":"2026-08-13T17:49:32","guid":{"rendered":"https:\/\/www.lechemindetraverse.com\/?post_type=product&#038;p=11554"},"modified":"2026-08-13T19:54:23","modified_gmt":"2026-08-13T17:54:23","slug":"tote-bag-en-velours-brode-la-baguette-choisit-son-sorcier-the-carat-shop","status":"publish","type":"product","link":"https:\/\/www.lechemindetraverse.com\/en\/product\/mrs-guipure\/leather-goods-bags\/tote-bag-en-velours-brode-la-baguette-choisit-son-sorcier-the-carat-shop\/","title":{"rendered":"Tote Bag en Velours Brod\u00e9 &#8211; La Baguette Choisit son Sorcier &#8211; The Carat Shop"},"content":{"rendered":"<p class=\"wp-block-paragraph\">Apportez une touche de la magie de Poudlard \u00e0 votre quotidien gr\u00e2ce \u00e0 ce ravissant sac fourre-tout en velours bordeaux ! Confectionn\u00e9 dans un velours de coton luxueux et doux, et orn\u00e9 d\u2019une magnifique broderie en relief portant l\u2019inscription \u00ab C\u2019est la baguette qui choisit le sorcier \u00bb en anglais, c\u2019est l\u2019accessoire id\u00e9al pour toutes les sorci\u00e8res et tous les sorciers qui croient au destin.<\/p><p class=\"wp-block-paragraph\">Que ce soit pour aller \u00e0 l\u2019\u00e9cole, faire du shopping ou partir \u00e0 l\u2019aventure le temps d\u2019un week-end, ce sac fourre-tout spacieux peut accueillir tous vos indispensables magiques.<\/p><h2 class=\"wp-block-heading\">Velours brod\u00e9 et molletonn\u00e9<\/h2><p class=\"wp-block-paragraph\">Confectionn\u00e9 dans un somptueux velours de coton matelass\u00e9, ce sac sous licence officielle allie un style luxueux \u00e0 la praticit\u00e9 du quotidien.<\/p><ul class=\"wp-block-list\"><li>Ext\u00e9rieur : 100 % coton<\/li>\n\n<li>Int\u00e9rieur et broderies: 100 % polyester<\/li><\/ul><p class=\"wp-block-paragraph\">Mesurant 39 cm de haut, 36 cm de large et 12 cm de profondeur, avec des anses mesurant 29 cm du haut de l\u2019anse au bord du sac, il est con\u00e7u pour offrir confort, style et une touche de magie. Id\u00e9al pour les fans d\u2019Harry Potter \u00e2g\u00e9s de 14 ans et plus qui souhaitent afficher leur passion avec style.<\/p>","protected":false},"excerpt":{"rendered":"<p>Sac fourre-tout premium en velours de coton, avec d\u00e9tails en broderie<\/p>\n<p>42 x 37 cm<\/p>","protected":false},"featured_media":11560,"comment_status":"open","ping_status":"closed","template":"","meta":{"_seopress_robots_primary_cat":"none","_seopress_titles_title":"%%post_title%% %%sep%% %%sitetitle%%","_seopress_titles_desc":"Sac fourre-tout premium en velours de coton rouge bordeaux, avec d\u00e9tails en broderie \u00e9voquant Harry Potter. Dimensions : 42 x 37 cm","_seopress_robots_index":""},"product_brand":[121],"product_cat":[112],"product_tag":[],"class_list":["post-11554","product","type-product","status-publish","has-post-thumbnail","product_brand-the-carat-shop","product_cat-sacs-maroquinerie","first","instock","purchasable","product-type-simple"],"_links":{"self":[{"href":"https:\/\/www.lechemindetraverse.com\/en\/wp-json\/wp\/v2\/product\/11554","targetHints":{"allow":["GET"]}}],"collection":[{"href":"https:\/\/www.lechemindetraverse.com\/en\/wp-json\/wp\/v2\/product"}],"about":[{"href":"https:\/\/www.lechemindetraverse.com\/en\/wp-json\/wp\/v2\/types\/product"}],"replies":[{"embeddable":true,"href":"https:\/\/www.lechemindetraverse.com\/en\/wp-json\/wp\/v2\/comments?post=11554"}],"wp:featuredmedia":[{"embeddable":true,"href":"https:\/\/www.lechemindetraverse.com\/en\/wp-json\/wp\/v2\/media\/11560"}],"wp:attachment":[{"href":"https:\/\/www.lechemindetraverse.com\/en\/wp-json\/wp\/v2\/media?parent=11554"}],"wp:term":[{"taxonomy":"product_brand","embeddable":true,"href":"https:\/\/www.lechemindetraverse.com\/en\/wp-json\/wp\/v2\/product_brand?post=11554"},{"taxonomy":"product_cat","embeddable":true,"href":"https:\/\/www.lechemindetraverse.com\/en\/wp-json\/wp\/v2\/product_cat?post=11554"},{"taxonomy":"product_tag","embeddable":true,"href":"https:\/\/www.lechemindetraverse.com\/en\/wp-json\/wp\/v2\/product_tag?post=11554"}],"curies":[{"name":"wp","href":"https:\/\/api.w.org\/{rel}","templated":true}]}}